{"id":1292,"date":"2026-01-21T17:32:15","date_gmt":"2026-01-21T16:32:15","guid":{"rendered":"https:\/\/swisswhoswho.ch\/?page_id=1292"},"modified":"2026-04-17T10:34:15","modified_gmt":"2026-04-17T08:34:15","slug":"calendario-suizo-de-quien-es-quien","status":"publish","type":"page","link":"https:\/\/swisswhoswho.ch\/es\/calendario-suizo-de-quien-es-quien\/","title":{"rendered":"Calendario \"Qui\u00e9n es qui\u00e9n\" en Suiza"},"content":{"rendered":"<div data-elementor-type=\"wp-page\" data-elementor-id=\"1292\" class=\"elementor elementor-1292\" data-elementor-post-type=\"page\">\n\t\t\t\t<div class=\"elementor-element elementor-element-889dc54 e-flex e-con-boxed e-con e-parent\" data-id=\"889dc54\" data-element_type=\"container\" data-e-type=\"container\" data-settings=\"{&quot;background_background&quot;:&quot;classic&quot;}\">\n\t\t\t\t\t<div class=\"e-con-inner\">\n\t\t\t\t<div class=\"elementor-element elementor-element-f00a06e elementor-widget__width-initial elementor-widget elementor-widget-heading\" data-id=\"f00a06e\" data-element_type=\"widget\" data-e-type=\"widget\" data-widget_type=\"heading.default\">\n\t\t\t\t\t<h1 class=\"elementor-heading-title elementor-size-default\">Calendario \"Qui\u00e9n es qui\u00e9n\" en Suiza<\/h1>\t\t\t\t<\/div>\n\t\t<div class=\"elementor-element elementor-element-272f4e8 e-con-full e-flex e-con e-child\" data-id=\"272f4e8\" data-element_type=\"container\" data-e-type=\"container\">\n\t\t\t\t<div class=\"elementor-element elementor-element-aaa538f elementor-mobile-align-justify elementor-widget-mobile__width-inherit elementor-widget elementor-widget-button\" data-id=\"aaa538f\" data-element_type=\"widget\" data-e-type=\"widget\" data-widget_type=\"button.default\">\n\t\t\t\t\t\t\t\t\t\t<a class=\"elementor-button elementor-button-link elementor-size-sm\" href=\"https:\/\/swisswhoswho.ch\/es\/ofertas-de-la-tienda\/\">\n\t\t\t\t\t\t<span class=\"elementor-button-content-wrapper\">\n\t\t\t\t\t\t\t\t\t<span class=\"elementor-button-text\">Afiliarse<\/span>\n\t\t\t\t\t<\/span>\n\t\t\t\t\t<\/a>\n\t\t\t\t\t\t\t\t<\/div>\n\t\t\t\t<div class=\"elementor-element elementor-element-cf56967 elementor-mobile-align-justify elementor-widget-mobile__width-inherit elementor-widget elementor-widget-button\" data-id=\"cf56967\" data-element_type=\"widget\" data-e-type=\"widget\" data-widget_type=\"button.default\">\n\t\t\t\t\t\t\t\t\t\t<a class=\"elementor-button elementor-button-link elementor-size-sm\" href=\"https:\/\/swisswhoswho.ch\/es\/contacto-unirse\/\">\n\t\t\t\t\t\t<span class=\"elementor-button-content-wrapper\">\n\t\t\t\t\t\t\t\t\t<span class=\"elementor-button-text\">P\u00f3ngase en contacto con nosotros<\/span>\n\t\t\t\t\t<\/span>\n\t\t\t\t\t<\/a>\n\t\t\t\t\t\t\t\t<\/div>\n\t\t\t\t<\/div>\n\t\t\t\t\t<\/div>\n\t\t\t\t<\/div>\n\t\t<div class=\"elementor-element elementor-element-4320969 e-flex e-con-boxed e-con e-parent\" data-id=\"4320969\" data-element_type=\"container\" data-e-type=\"container\">\n\t\t\t\t\t<div class=\"e-con-inner\">\n\t\t\t\t<div class=\"elementor-element elementor-element-5b33ec9 elementor-widget__width-inherit elementor-widget elementor-widget-text-editor\" data-id=\"5b33ec9\" data-element_type=\"widget\" data-e-type=\"widget\" data-widget_type=\"text-editor.default\">\n\t\t\t\t\t\t\t\t\t<p>Los acontecimientos de <em>Qui\u00e9n es qui\u00e9n en Suiza<\/em> son una continuaci\u00f3n de la din\u00e1mica <strong>del Club<\/strong>. A lo largo del a\u00f1o, adoptan distintas formas -reuniones tem\u00e1ticas, formatos confidenciales, hitos institucionales- y reflejan la diversidad de iniciativas apoyadas por la red.<\/p><p>Cada reuni\u00f3n congrega a miembros comprometidos para debatir en profundidad, en entornos elegidos para fomentar la reflexi\u00f3n, las conexiones y el surgimiento de nuevas colaboraciones. El calendario se actualiza peri\u00f3dicamente para incluir nuevos eventos y oportunidades de reuni\u00f3n.<\/p>\t\t\t\t\t\t\t\t<\/div>\n\t\t\t\t<div class=\"elementor-element elementor-element-827b213 elementor-widget elementor-widget-text-editor\" data-id=\"827b213\" data-element_type=\"widget\" data-e-type=\"widget\" data-widget_type=\"text-editor.default\">\n\t\t\t\t\t\t\t\t\t<h3><strong>Marzo de 2026<\/strong><\/h3>\n<p><span style=\"font-weight: 400;\">Premios SWW Swiss Who's Who Women, <strong>19.03.2026<\/strong>, Palacio Beau-Rivage de Lausana<\/span><\/p>\n<h3><strong>Mayo de 2026<\/strong><\/h3>\n<p><span style=\"font-weight: 400;\">Premios SWW Swiss Who's Who NextGen, <strong>21.05.2026<\/strong>, EHL Lausana<br><\/span><span style=\"font-weight: 400;\">SWW Wine Club Diner <strong>28.05.2026<\/strong>, EHL<br><\/span><span style=\"font-weight: 400;\">Club del Vino SWW, <strong>29.05.2026<\/strong>, Palacio de Lausana<\/span><\/p>\n<h3><strong>Junio de 2026<\/strong><\/h3>\n<p>Almuerzo WealthTech, <b>17.06.2026<\/b>, Kraftwerk Z\u00fcrich <br>(Ginebra y Lugano se confirmar\u00e1n en breve)<\/p>\n<h3><strong>Septiembre de 2026<\/strong><\/h3>\n<p><span style=\"font-weight: 400;\">Cumbre GlobalTech, <strong>01.09.2026<\/strong>, Royal Savoy Lausana<\/span><\/p>\n<h3><strong>Noviembre de 2026<\/strong><\/h3>\n<p><span style=\"font-weight: 400;\">Reuni\u00f3n anual de SWW Swiss Who's Who, <strong>17.11.2026<\/strong>, Four Seasons Hotel des Bergues Ginebra<br>Premios SWW Swiss Who's Who Talent, <strong>27.11.2026<\/strong>, Escuela Les Roches Crans-Montana<br>Evento ben\u00e9fico <strong>17.11.2026<\/strong> - Acto paralelo Reuni\u00f3n anual de SWW<br><\/span><\/p>\n<h3>&nbsp;<\/h3>\n<h3><strong>Agenda Montreux Jazz Club<\/strong><\/h3>\n<p><em><a style=\"color: #fd7a3c;\" href=\"https:\/\/www.mjclub-millennium.ch\/fr\/agenda-evenements#evenements\" target=\"_blank\" rel=\"noopener\">Consultar &gt; <\/a><\/em><\/p>\n<p><span style=\"font-weight: 400;\">&nbsp;<\/span><\/p>\t\t\t\t\t\t\t\t<\/div>\n\t\t\t\t\t<\/div>\n\t\t\t\t<\/div>\n\t\t\t\t<\/div>","protected":false},"excerpt":{"rendered":"<p>Le Calendrier du Swiss Who&rsquo;s Who Devenir membre Prendre contact Les \u00e9v\u00e9nements du Swiss Who\u2019s Who s\u2019inscrivent dans la continuit\u00e9 de la dynamique du Club. Tout au long de l\u2019ann\u00e9e, ils prennent diff\u00e9rentes formes \u2014 rencontres th\u00e9matiques, formats confidentiels, temps forts institutionnels \u2014 et refl\u00e8tent la diversit\u00e9 des initiatives port\u00e9es par le r\u00e9seau. Chaque rendez-vous [&hellip;]<\/p>","protected":false},"author":1,"featured_media":0,"parent":0,"menu_order":0,"comment_status":"closed","ping_status":"closed","template":"","meta":{"_acf_changed":false,"pmpro_default_level":"","footnotes":""},"class_list":["post-1292","page","type-page","status-publish","hentry","pmpro-has-access"],"acf":[],"yoast_head":"<!-- This site is optimized with the Yoast SEO plugin v26.8 - https:\/\/yoast.com\/product\/yoast-seo-wordpress\/ -->\n<title>Calendrier Swiss Who&#039;s Who - Swiss Who&#039;s Who<\/title>\n<meta name=\"robots\" content=\"index, follow, max-snippet:-1, max-image-preview:large, max-video-preview:-1\" \/>\n<link rel=\"canonical\" href=\"https:\/\/swisswhoswho.ch\/es\/calendario-suizo-de-quien-es-quien\/\" \/>\n<meta property=\"og:locale\" content=\"es_ES\" \/>\n<meta property=\"og:type\" content=\"article\" \/>\n<meta property=\"og:title\" content=\"Calendrier Swiss Who&#039;s Who - Swiss Who&#039;s Who\" \/>\n<meta property=\"og:description\" content=\"Le Calendrier du Swiss Who&rsquo;s Who Devenir membre Prendre contact Les \u00e9v\u00e9nements du Swiss Who\u2019s Who s\u2019inscrivent dans la continuit\u00e9 de la dynamique du Club. Tout au long de l\u2019ann\u00e9e, ils prennent diff\u00e9rentes formes \u2014 rencontres th\u00e9matiques, formats confidentiels, temps forts institutionnels \u2014 et refl\u00e8tent la diversit\u00e9 des initiatives port\u00e9es par le r\u00e9seau. Chaque rendez-vous [&hellip;]\" \/>\n<meta property=\"og:url\" content=\"https:\/\/swisswhoswho.ch\/es\/calendario-suizo-de-quien-es-quien\/\" \/>\n<meta property=\"og:site_name\" content=\"Swiss Who&#039;s Who\" \/>\n<meta property=\"article:modified_time\" content=\"2026-04-17T08:34:15+00:00\" \/>\n<meta name=\"twitter:card\" content=\"summary_large_image\" \/>\n<meta name=\"twitter:label1\" content=\"Tiempo de lectura\" \/>\n\t<meta name=\"twitter:data1\" content=\"1 minuto\" \/>\n<script type=\"application\/ld+json\" class=\"yoast-schema-graph\">{\"@context\":\"https:\/\/schema.org\",\"@graph\":[{\"@type\":\"WebPage\",\"@id\":\"https:\/\/swisswhoswho.ch\/calendrier-swiss-whos-who\/\",\"url\":\"https:\/\/swisswhoswho.ch\/calendrier-swiss-whos-who\/\",\"name\":\"Calendrier Swiss Who's Who - Swiss Who&#039;s Who\",\"isPartOf\":{\"@id\":\"https:\/\/swisswhoswho.ch\/#website\"},\"datePublished\":\"2026-01-21T16:32:15+00:00\",\"dateModified\":\"2026-04-17T08:34:15+00:00\",\"breadcrumb\":{\"@id\":\"https:\/\/swisswhoswho.ch\/calendrier-swiss-whos-who\/#breadcrumb\"},\"inLanguage\":\"es\",\"potentialAction\":[{\"@type\":\"ReadAction\",\"target\":[\"https:\/\/swisswhoswho.ch\/calendrier-swiss-whos-who\/\"]}]},{\"@type\":\"BreadcrumbList\",\"@id\":\"https:\/\/swisswhoswho.ch\/calendrier-swiss-whos-who\/#breadcrumb\",\"itemListElement\":[{\"@type\":\"ListItem\",\"position\":1,\"name\":\"Accueil\",\"item\":\"https:\/\/swisswhoswho.ch\/\"},{\"@type\":\"ListItem\",\"position\":2,\"name\":\"Calendrier Swiss Who&rsquo;s Who\"}]},{\"@type\":\"WebSite\",\"@id\":\"https:\/\/swisswhoswho.ch\/#website\",\"url\":\"https:\/\/swisswhoswho.ch\/\",\"name\":\"Swiss Who's Who\",\"description\":\"\",\"publisher\":{\"@id\":\"https:\/\/swisswhoswho.ch\/#organization\"},\"potentialAction\":[{\"@type\":\"SearchAction\",\"target\":{\"@type\":\"EntryPoint\",\"urlTemplate\":\"https:\/\/swisswhoswho.ch\/?s={search_term_string}\"},\"query-input\":{\"@type\":\"PropertyValueSpecification\",\"valueRequired\":true,\"valueName\":\"search_term_string\"}}],\"inLanguage\":\"es\"},{\"@type\":\"Organization\",\"@id\":\"https:\/\/swisswhoswho.ch\/#organization\",\"name\":\"Swiss Who's Who\",\"url\":\"https:\/\/swisswhoswho.ch\/\",\"logo\":{\"@type\":\"ImageObject\",\"inLanguage\":\"es\",\"@id\":\"https:\/\/swisswhoswho.ch\/#\/schema\/logo\/image\/\",\"url\":\"https:\/\/swisswhoswho.ch\/wp-content\/uploads\/2025\/11\/Logo-SWW.png\",\"contentUrl\":\"https:\/\/swisswhoswho.ch\/wp-content\/uploads\/2025\/11\/Logo-SWW.png\",\"width\":107,\"height\":62,\"caption\":\"Swiss Who's Who\"},\"image\":{\"@id\":\"https:\/\/swisswhoswho.ch\/#\/schema\/logo\/image\/\"}}]}<\/script>\n<!-- \/ Yoast SEO plugin. -->","yoast_head_json":{"title":"Calendario de Qui\u00e9n es Qui\u00e9n en Suiza - Qui\u00e9n es Qui\u00e9n en Suiza","robots":{"index":"index","follow":"follow","max-snippet":"max-snippet:-1","max-image-preview":"max-image-preview:large","max-video-preview":"max-video-preview:-1"},"canonical":"https:\/\/swisswhoswho.ch\/es\/calendario-suizo-de-quien-es-quien\/","og_locale":"es_ES","og_type":"article","og_title":"Calendrier Swiss Who's Who - Swiss Who&#039;s Who","og_description":"Le Calendrier du Swiss Who&rsquo;s Who Devenir membre Prendre contact Les \u00e9v\u00e9nements du Swiss Who\u2019s Who s\u2019inscrivent dans la continuit\u00e9 de la dynamique du Club. Tout au long de l\u2019ann\u00e9e, ils prennent diff\u00e9rentes formes \u2014 rencontres th\u00e9matiques, formats confidentiels, temps forts institutionnels \u2014 et refl\u00e8tent la diversit\u00e9 des initiatives port\u00e9es par le r\u00e9seau. Chaque rendez-vous [&hellip;]","og_url":"https:\/\/swisswhoswho.ch\/es\/calendario-suizo-de-quien-es-quien\/","og_site_name":"Swiss Who&#039;s Who","article_modified_time":"2026-04-17T08:34:15+00:00","twitter_card":"summary_large_image","twitter_misc":{"Tiempo de lectura":"1 minuto"},"schema":{"@context":"https:\/\/schema.org","@graph":[{"@type":"WebPage","@id":"https:\/\/swisswhoswho.ch\/calendrier-swiss-whos-who\/","url":"https:\/\/swisswhoswho.ch\/calendrier-swiss-whos-who\/","name":"Calendario de Qui\u00e9n es Qui\u00e9n en Suiza - Qui\u00e9n es Qui\u00e9n en Suiza","isPartOf":{"@id":"https:\/\/swisswhoswho.ch\/#website"},"datePublished":"2026-01-21T16:32:15+00:00","dateModified":"2026-04-17T08:34:15+00:00","breadcrumb":{"@id":"https:\/\/swisswhoswho.ch\/calendrier-swiss-whos-who\/#breadcrumb"},"inLanguage":"es","potentialAction":[{"@type":"ReadAction","target":["https:\/\/swisswhoswho.ch\/calendrier-swiss-whos-who\/"]}]},{"@type":"BreadcrumbList","@id":"https:\/\/swisswhoswho.ch\/calendrier-swiss-whos-who\/#breadcrumb","itemListElement":[{"@type":"ListItem","position":1,"name":"Accueil","item":"https:\/\/swisswhoswho.ch\/"},{"@type":"ListItem","position":2,"name":"Calendrier Swiss Who&rsquo;s Who"}]},{"@type":"WebSite","@id":"https:\/\/swisswhoswho.ch\/#website","url":"https:\/\/swisswhoswho.ch\/","name":"Qui\u00e9n es qui\u00e9n en Suiza","description":"","publisher":{"@id":"https:\/\/swisswhoswho.ch\/#organization"},"potentialAction":[{"@type":"SearchAction","target":{"@type":"EntryPoint","urlTemplate":"https:\/\/swisswhoswho.ch\/?s={search_term_string}"},"query-input":{"@type":"PropertyValueSpecification","valueRequired":true,"valueName":"search_term_string"}}],"inLanguage":"es"},{"@type":"Organization","@id":"https:\/\/swisswhoswho.ch\/#organization","name":"Qui\u00e9n es qui\u00e9n en Suiza","url":"https:\/\/swisswhoswho.ch\/","logo":{"@type":"ImageObject","inLanguage":"es","@id":"https:\/\/swisswhoswho.ch\/#\/schema\/logo\/image\/","url":"https:\/\/swisswhoswho.ch\/wp-content\/uploads\/2025\/11\/Logo-SWW.png","contentUrl":"https:\/\/swisswhoswho.ch\/wp-content\/uploads\/2025\/11\/Logo-SWW.png","width":107,"height":62,"caption":"Swiss Who's Who"},"image":{"@id":"https:\/\/swisswhoswho.ch\/#\/schema\/logo\/image\/"}}]}},"_links":{"self":[{"href":"https:\/\/swisswhoswho.ch\/es\/wp-json\/wp\/v2\/pages\/1292","targetHints":{"allow":["GET"]}}],"collection":[{"href":"https:\/\/swisswhoswho.ch\/es\/wp-json\/wp\/v2\/pages"}],"about":[{"href":"https:\/\/swisswhoswho.ch\/es\/wp-json\/wp\/v2\/types\/page"}],"author":[{"embeddable":true,"href":"https:\/\/swisswhoswho.ch\/es\/wp-json\/wp\/v2\/users\/1"}],"replies":[{"embeddable":true,"href":"https:\/\/swisswhoswho.ch\/es\/wp-json\/wp\/v2\/comments?post=1292"}],"version-history":[{"count":25,"href":"https:\/\/swisswhoswho.ch\/es\/wp-json\/wp\/v2\/pages\/1292\/revisions"}],"predecessor-version":[{"id":1722,"href":"https:\/\/swisswhoswho.ch\/es\/wp-json\/wp\/v2\/pages\/1292\/revisions\/1722"}],"wp:attachment":[{"href":"https:\/\/swisswhoswho.ch\/es\/wp-json\/wp\/v2\/media?parent=1292"}],"curies":[{"name":"wp","href":"https:\/\/api.w.org\/{rel}","templated":true}]}}